{"id":82980,"date":"2020-03-06T11:18:51","date_gmt":"2020-03-06T10:18:51","guid":{"rendered":"https:\/\/www.paolabasilearchitetti.it\/utxs\/?post_type=portfolio&#038;p=82980"},"modified":"2021-03-04T10:57:22","modified_gmt":"2021-03-04T09:57:22","slug":"broletto-cafe-milano","status":"publish","type":"portfolio","link":"https:\/\/www.paolabasilearchitetti.it\/utxs\/portfolio\/broletto-cafe-milano\/","title":{"rendered":"Broletto Caf\u00e8 Milano"},"content":{"rendered":"","protected":false},"excerpt":{"rendered":"<p>Via Broletto, 31 &#8211; Milano<\/p>\n<hr>\n<p style=\"text-align: justify;\">Il locale Broletto Caf\u00e8 Milano \u00e8 ubicato nella via omonima in pieno centro della citt\u00e0 di Milano.<br \/>\nIl progetto \u00e8 nato dall\u2019esigenza di collegare visivamente due ambienti che presentavano due quote diverse. Il portale che diventa anello di congiunzione dei due ambienti sopracitati, presenta forma circolare ed \u00e8 stato realizzato in lamiera forata e impreziosito dalla sua colorazione dorata che ne hanno fatto l\u2019elemento caratterizzante del locale. Tutto l\u2019allestimento del locale richiama il tema dell\u2019oro e le forme geometriche della boiserie donano una reminiscenza d\u00e9co all\u2019ambiente.<\/p>\n","protected":false},"author":1,"featured_media":83151,"parent":0,"menu_order":0,"comment_status":"closed","ping_status":"closed","template":"","meta":{"footnotes":""},"portfolio_category":[100],"class_list":["post-82980","portfolio","type-portfolio","status-publish","has-post-thumbnail","hentry","portfolio_category-progetti"],"_links":{"self":[{"href":"https:\/\/www.paolabasilearchitetti.it\/utxs\/wp-json\/wp\/v2\/portfolio\/82980","targetHints":{"allow":["GET"]}}],"collection":[{"href":"https:\/\/www.paolabasilearchitetti.it\/utxs\/wp-json\/wp\/v2\/portfolio"}],"about":[{"href":"https:\/\/www.paolabasilearchitetti.it\/utxs\/wp-json\/wp\/v2\/types\/portfolio"}],"author":[{"embeddable":true,"href":"https:\/\/www.paolabasilearchitetti.it\/utxs\/wp-json\/wp\/v2\/users\/1"}],"replies":[{"embeddable":true,"href":"https:\/\/www.paolabasilearchitetti.it\/utxs\/wp-json\/wp\/v2\/comments?post=82980"}],"version-history":[{"count":0,"href":"https:\/\/www.paolabasilearchitetti.it\/utxs\/wp-json\/wp\/v2\/portfolio\/82980\/revisions"}],"wp:featuredmedia":[{"embeddable":true,"href":"https:\/\/www.paolabasilearchitetti.it\/utxs\/wp-json\/wp\/v2\/media\/83151"}],"wp:attachment":[{"href":"https:\/\/www.paolabasilearchitetti.it\/utxs\/wp-json\/wp\/v2\/media?parent=82980"}],"wp:term":[{"taxonomy":"portfolio_category","embeddable":true,"href":"https:\/\/www.paolabasilearchitetti.it\/utxs\/wp-json\/wp\/v2\/portfolio_category?post=82980"}],"curies":[{"name":"wp","href":"https:\/\/api.w.org\/{rel}","templated":true}]}}